{"id":453,"date":"2025-10-28T10:42:07","date_gmt":"2025-10-28T09:42:07","guid":{"rendered":"https:\/\/www.chiesadioristano.it\/tutelaminori\/?page_id=453"},"modified":"2025-10-28T11:14:13","modified_gmt":"2025-10-28T10:14:13","slug":"documenti","status":"publish","type":"page","link":"https:\/\/www.chiesadioristano.it\/tutelaminori\/documenti\/","title":{"rendered":"Documenti"},"content":{"rendered":"<p style=\"text-align: center\">Pubblichiamo una selezione di documenti che riguardano gli abusi sui minori e la risposta della Chiesa<\/p>\n<p>&nbsp;<\/p>\n<ul>\n<li><strong>Lettera Apostolica in forma di \u201cMotu Proprio\u201d <a href=\"http:\/\/w2.vatican.va\/content\/john-paul-ii\/it\/motu_proprio\/documents\/hf_jp-ii_motu-proprio_20020110_sacramentorum-sanctitatis-tutela.html\" target=\"_blank\" rel=\"noopener noreferrer\"><em>Sacramentorum Sanctitatis Tutela<\/em><\/a>, Papa Giovanni Paolo II,\u00a030 aprile 2001<\/strong><br \/>\n<em>Con questo Motu Proprio, Papa Giovanni Paolo II promulg\u00f2 le norme circa i delitti pi\u00f9 gravi riservati alla Congregazione per la dottrina della fede. L\u2019abuso su minori commesso da un diacono, prete o vescovo \u00e8 aggiunto a quelli considerati essere \u201ci delitti pi\u00f9 gravi\u201d, e posto sotto la giurisdizione della Congregazione per la Dottrina della Fede.<\/em><\/li>\n<\/ul>\n<p>&nbsp;<\/p>\n<ul>\n<li><strong>Direttorio per il ministero pastorale dei vescovi, <a href=\"http:\/\/www.vatican.va\/roman_curia\/congregations\/cbishops\/documents\/rc_con_cbishops_doc_20040222_apostolorum-successores_it.html\" target=\"_blank\" rel=\"noopener noreferrer\"><em>Apostolorum Successores<\/em><\/a>, Congregazione per i vescovi, 2004, Art 209<\/strong><br \/>\n<em>Questo documento aggiorna e completa quello del 22 febbraio 1973, elaborato dalla Congregazione per i Vescovi al fine di offrire ai vescovi \u201cuno strumento utile ad un pi\u00f9 organico ed efficace esercizio del loro complesso e difficile ministero pastorale nella Chiesa e nella societ\u00e0 di oggi. Esso intende aiutare i Vescovi ad affrontare con umile fiducia in Dio e con coerente coraggio le sfide che l\u2019ora presente \u2014 caratterizzata da problemi nuovi, grande progresso e repentini cambiamenti \u2014 porta con s\u00e9, in questo inizio del terzo millennio\u201d. (Introduzione).<\/em><\/li>\n<\/ul>\n<p>&nbsp;<\/p>\n<ul>\n<li><strong><a href=\"http:\/\/www.vatican.va\/resources\/resources_norme_it.html\" target=\"_blank\" rel=\"noopener noreferrer\">Norme sostanziali<\/a> circa i delitti pi\u00f9 gravi riservati alla competenza esclusiva della Congregazione per la dottrina della fede, Papa Benedetto XVI, 21 Maggio 2010<\/strong><br \/>\n<em>\u201cDopo un attento e accurato studio dei cambiamenti proposti, i membri della Congregazione per la Dottrina della Fede hanno sottoposto al Romano Pontefice il risultato delle proprie determinazioni che, lo stesso Sommo Pontefice, con decisione del 21 maggio 2010, ha approvato, ordinandone la promulgazione\u201d. (Introduzione storica a cura della Congregazione per la dottrina della fede). Le modifiche introdotte sono sia sostanziali che procedurali. Includono ora \u201cl\u2019acquisizione o la detenzione o la divulgazione\u201d di materiale pedopornografico.<\/em><\/li>\n<\/ul>\n<p>&nbsp;<\/p>\n<ul>\n<li><strong><a href=\"http:\/\/www.vatican.va\/roman_curia\/congregations\/cfaith\/documents\/rc_con_cfaith_doc_20110503_abuso-minori_it.html\" target=\"_blank\" rel=\"noopener noreferrer\">Lettera circolare<\/a> per aiutare le conferenze episcopali nel preparare linee guida per il trattamento dei casi di abuso sessuale nei confronti di minori da parte di chierici, Congregazione per la Dottrina della fede, 3 maggio 2011<\/strong><br \/>\n<em>Data la responsabilit\u00e0 del Vescovo diocesano \u201cdi assicurare il bene comune dei fedeli e, specialmente, la protezione dei bambini e dei giovani\u201d, venne redatto questo documento per aiutare i vescovi diocesani a \u201cdare una risposta adeguata ai casi eventuali di abuso sessuale su minori commesso da chierici\u201d nelle loro diocesi\u201d (vedi l\u2019Introduzione). Specificatamente, incoraggia le conferenze episcopali a sviluppare le Linee guida che \u201cdovranno portare ad un orientamento comune all\u2019interno di una Conferenza Episcopale aiutando ad armonizzare al meglio gli sforzi dei singoli Vescovi nel salvaguardare i minori\u201d. (dalla Conclusione).<\/em><\/li>\n<\/ul>\n<p>&nbsp;<\/p>\n<ul>\n<li><strong><a href=\"https:\/\/www.chiesacattolica.it\/documenti-segreteria\/linee-guida-per-i-casi-di-abuso-sessuale-nei-confronti-dei-minori-da-parte-di-chierici\/\" target=\"_blank\" rel=\"noopener noreferrer\">Linee guida<\/a> per i casi di abuso sessuale nei confronti dei minori da parte di chierici, Conferenza Episcopale Italiana, 28 marzo 2014<\/strong><br \/>\n<em>\u201cIl triste e grave fenomeno degli abusi sessuali nei confronti di minori da parte di chierici sollecita un rinnovato impegno da parte della comunit\u00e0 ecclesiale, chiamata ad affrontare la questione con spirito di giustizia, in conformit\u00e0 alle presenti Linee guida. In quest\u2019ottica, assume importanza fondamentale anzitutto la protezione dei minori, la premura verso le vittime degli abusi e la formazione dei futuri sacerdoti e religiosi\u201d. (dalla Premessa)<\/em><\/li>\n<\/ul>\n<p>&nbsp;<\/p>\n<ul>\n<li><strong>Lettera apostolica in forma di \u201cMotu Proprio\u201d, <a href=\"https:\/\/w2.vatican.va\/content\/francesco\/it\/apost_letters\/documents\/papa-francesco_lettera-ap_20160604_come-una-madre-amorevole.html\" target=\"_blank\" rel=\"noopener noreferrer\"><em>Come una Madre amorevole<\/em><\/a>, Papa Francesco, 4 giugno 2016<\/strong><br \/>\n<em>Con questo Motu Proprio, Papa Francesco intende precisare che tra le \u201ccause gravi\u201d per cui un vescovo pu\u00f2 essere rimosso dal suo ufficio ecclesiastico \u201c\u00e8 compresa la negligenza dei Vescovi nell\u2019esercizio del loro ufficio, in particolare relativamente ai casi di abusi sessuali compiuti su minori ed adulti vulnerabili, previsti dal MP \u2018Sacramentorum Sanctitatis Tutela\u2019 promulgato da San Giovanni Paolo II ed emendato dal mio amato predecessore Benedetto XVI. In tali casi si osserver\u00e0 la seguente procedura\u201d. (Citazioni prese da un Bollettino dalla Sala Stampa della Santa Sede del 4 giugno 2016).<\/em><\/li>\n<\/ul>\n<p>&nbsp;<\/p>\n<ul>\n<li><strong>La Congregazione per il Clero pubblica<a href=\"http:\/\/www.clerus.va\/content\/dam\/clerus\/Ratio%20Fundamentalis\/Il%20Dono%20della%20vocazione%20presbiterale.pdf\" target=\"_blank\" rel=\"noopener noreferrer\"><em> Il dono della vocazione presbiterale, Ratio Fundamentalis Institutionis Sacerdotalis<\/em><\/a>, 8 dicembre 2016<\/strong><br \/>\nIl testo comprende una sezione sulla protezione dei minori e l\u2019accompagnamento delle vittime (art 202).<\/li>\n<\/ul>\n<p>&nbsp;<\/p>\n<ul>\n<li><strong><a href=\"http:\/\/w2.vatican.va\/content\/francesco\/it\/letters\/2018\/documents\/papa-francesco_20180820_lettera-popolo-didio.html\" target=\"_blank\" rel=\"noopener noreferrer\">Lettera del Santo Padre Francesco al popolo di Dio<\/a>, Papa Francesco, 20 agosto 2018<\/strong><br \/>\n<em>Un testo in cui il Pontefice, all&#8217;indomani della pubblicazione del rapporto sui casi di pedofilia nelle diocesi della Pennsylvania (Stati Uniti), esprime a nome dell\u2019intero popolo di Dio &#8220;vergogna e pentimento&#8221;. E sottolinea la necessit\u00e0 della conversione da parte dell\u2019intera comunit\u00e0 ecclesiale.<\/em><\/li>\n<\/ul>\n<p>&nbsp;<\/p>\n<ul>\n<li><strong>Lettera Apostolica in forma di \u201cMotu Proprio\u201d del Sommo Pontefice Francesco <a href=\"http:\/\/w2.vatican.va\/content\/francesco\/it\/motu_proprio\/documents\/papa-francesco-motu-proprio-20190326_latutela-deiminori.html\" target=\"_blank\" rel=\"noopener noreferrer\">Sulla protezione dei minori e delle persone vulnerabili<\/a>, Papa Francesco, 26 marzo 2019<\/strong><br \/>\n<em>Un Motu proprio, una legge e le \u201clinee guida\u201d per lo Stato della Citt\u00e0 del Vaticano emanate dando seguito a quanto era stato annunciato al termine dell\u2019incontro su \u201cLa protezione dei minori nella Chiesa\u201d del febbraio 2019. \u201cLa tutela dei minori e delle persone vulnerabili fa parte integrante del messaggio evangelico che la Chiesa e tutti i suoi membri sono chiamati a diffondere nel mondo\u201d, si legge nell\u2019incipit del Motu proprio: \u201cAbbiamo tutti, pertanto, il dovere di accogliere con generosit\u00e0 i minori e le persone vulnerabili e di creare per loro un ambiente sicuro, avendo riguardo in modo prioritario ai loro interessi\u201d.<\/em><\/li>\n<\/ul>\n<p>&nbsp;<\/p>\n<ul>\n<li><strong>Lettera Apostolica in forma di \u201cMotu Proprio\u201d del Sommo Pontefice Francesco <a href=\"https:\/\/press.vatican.va\/content\/salastampa\/it\/bollettino\/pubblico\/2019\/05\/09\/0390\/00804.html\" target=\"_blank\" rel=\"noopener noreferrer\">Vos estis lux mundi<\/a>, Papa Francesco, 09<\/strong><strong>\u00a0maggio 2019<\/strong><br \/>\n<em>Il Motu Proprio stabilisce nuove procedure per segnalare molestie e violenze, e assicurare che vescovi e superiori religiosi rendano conto del loro operato. Introdotto l\u2019obbligo per chierici e religiosi di segnalare gli abusi. Ogni diocesi dovr\u00e0 dotarsi di un sistema facilmente accessibile al pubblico per ricevere le segnalazioni.<\/em><\/li>\n<\/ul>\n<p>&nbsp;<\/p>\n<ul>\n<li><strong><a href=\"https:\/\/www.chiesacattolica.it\/tutela-dei-minori-le-linee-guida\/\" target=\"_blank\" rel=\"noopener noreferrer\">Linee guida per la tutela dei minori e delle persone vulnerabili<\/a> della Conferenza Episcopale Italiana e della Conferenza Italiana dei Superiori Maggiori, 24 giugno 2019<\/strong><br \/>\n<em>La cura e protezione dei minori e delle persone vulnerabili costituisce un punto di riferimento imprescindibile e un criterio dirimente delle scelte operate in queste Linee guida. Cura e protezione sono parte integrante della missione della Chiesa nella costruzione del Regno di Dio. Le presenti Linee guida si applicano a tutti coloro che operano, a qualsiasi titolo, individuale o associato, all\u2019interno delle comunit\u00e0 ecclesiali in Italia. Esse si applicano anche, compatibilmente al diritto proprio e alla normativa canonica, a tutti gli Istituti di Vita Consacrata e Societ\u00e0 di Vita apostolica, nella misura in cui questi non dispongano di proprie Linee guida.<\/em><\/li>\n<\/ul>\n<p>&nbsp;<\/p>\n<ul>\n<li><a href=\"https:\/\/press.vatican.va\/content\/salastampa\/it\/bollettino\/pubblico\/2019\/12\/17\/1010\/02063.html\" target=\"_blank\" rel=\"noopener noreferrer\"><strong>Rescriptum ex audientia SS.mi: Rescritto del Santo Padre Francesco con cui si introducono alcune modifiche alle \u201cNormae de gravioribus delictis\u201d<\/strong><\/a><strong>,<\/strong> <strong>Papa Francesco, 17 dicembre 2019<\/strong><br \/>\n<em>In questo Rescritto del Papa si introducono alcune modifiche alle \u201cNormae de gravioribus delictis\u201d, che fanno riferimento al Motu Proprio \u201cSacramentorum Sancitatis tutela\u201d emanato da Giovanni Paolo II il 30 aprile 2001. Rispetto al precedente rescritto, firmato dall\u2019allora prefetto della Congregazione per la Dottrina della fede, card. William Levada, l\u2019et\u00e0 \u00e8 stata innalzata dai 14 ai 18 anni: viene dichiarata punibile, infatti, \u201cl\u2019acquisizione o la detenzione o la divulgazione, a fine di libidine, di immagini pornografiche di minori di 18 anni da parte di un chierico, in qualunque modo e con qualunque strumento\u201d.<\/em><\/li>\n<\/ul>\n<p>&nbsp;<\/p>\n<ul>\n<li><strong><a href=\"https:\/\/press.vatican.va\/content\/salastampa\/it\/bollettino\/pubblico\/2019\/12\/17\/1011\/02062.html\" target=\"_blank\" rel=\"noopener noreferrer\">Rescriptum ex audientia SS.mi: Rescritto del Santo Padre Francesco con cui si promulga l\u2019Istruzione &#8220;Sulla riservatezza delle cause&#8221;<\/a>,<\/strong> <strong>Papa Francesco, 17 dicembre 2019<\/strong><br \/>\n<em>Con questo Rescritto gli abusi sessuali commessi da membri del clero su minori non sono pi\u00f9 coperti da \u201csegreto pontificio\u201d. Rimane, invece, il \u201csegreto d\u2019ufficio\u201d per garantire \u201cla sicurezza, l\u2019integrit\u00e0 e la riservatezza\u201d delle varie fasi del processo e \u201ctutelare la buona fama, l\u2019immagine e la sfera privata di tutte le persone coinvolte\u201d.<\/em><\/li>\n<\/ul>\n<p>&nbsp;<\/p>\n<ul>\n<li><a href=\"https:\/\/press.vatican.va\/content\/salastampa\/it\/bollettino\/pubblico\/2021\/06\/01\/0347\/00751.html#ita\" target=\"_blank\" rel=\"noopener noreferrer\"><strong>Costituzione Apostolica Pascite Gregem Dei<\/strong><\/a><strong> con cui viene riformato il <a href=\"https:\/\/press.vatican.va\/content\/salastampa\/it\/bollettino\/pubblico\/2021\/06\/01\/0348\/00750.html#ita\" target=\"_blank\" rel=\"noopener noreferrer\">libro VI del Codice di Diritto Canonico<\/a><\/strong>, <strong>23 maggio 2021<\/strong><br \/>\n<em>I delitti riservati alla Congregazione per la Dottrina della Fede, tipizzati dopo la promulgazione del CIC, sono stati inseriti nel libro VI: \u00e8 necessario infatti che i reati in quanto tali siano presenti gi\u00e0 nella norma universale generale, e non solo in quella speciale, la quale naturalmente, oltre alla stessa riserva della competenza, stabilisce opportunamente le disposizioni specifiche in merito. Altre modifiche, anche nella denominazione dei titoli delle parti e dei capitoli in cui il libro risulta diviso, sono frutto dell\u2019attenzione alla mutata sensibilit\u00e0 e alla sempre pi\u00f9 diffusa esigenza presente nelle comunit\u00e0 di veder ristabilita la giustizia e l\u2019ordine infranti dal delitto.<\/em><\/li>\n<\/ul>\n<p>&nbsp;<\/p>\n<ul>\n<li><strong><a href=\"https:\/\/www.vatican.va\/content\/francesco\/it\/letters\/2021\/documents\/20210610-cardinale-marx.html\" target=\"_blank\" rel=\"noopener noreferrer\">Lettera del Santo Padre all\u2019Em.mo Cardinale Reinhard Marx, Arcivescovo di Monaco e Frisinga<\/a><\/strong>, <strong>Papa Francesco, 10 giugno 2021<\/strong><br \/>\n&#8220;<em>Sono d\u2019accordo con te nel definire catastrofe la triste storia degli abusi sessuali e il modo di affrontarla che ha adottato la Chiesa fino a poco tempo fa. Rendersi conto di questa ipocrisia nel modo di vivere la fede \u00e8 una grazia, \u00e8 un primo passo che dobbiamo compiere<\/em>&#8220;.<\/li>\n<\/ul>\n<p>&nbsp;<\/p>\n<ul>\n<li><strong><a href=\"https:\/\/www.vatican.va\/roman_curia\/congregations\/cfaith\/documents\/rc_con_cfaith_doc_20211011_norme-delittiriservati-cfaith_it.html\" target=\"_blank\" rel=\"noopener noreferrer\">Norme sui delitti riservati alla Congregazione per la Dottrina della Fede<\/a>, 11 ottobre 2021<\/strong><br \/>\n&#8220;<em>La Congregazione per la Dottrina della Fede, a norma dell\u2019art. 52 della Costituzione Apostolica Pastor Bonus, giudica, ai sensi dell\u2019art. 2 \u00a72, i delitti contro la fede, nonch\u00e9 i delitti pi\u00f9 gravi commessi contro i costumi o nella celebrazione dei sacramenti e, se del caso, procede a dichiarare o irrogare le sanzioni canoniche a norma del diritto, sia comune sia proprio, fatta salva la competenza della Penitenzieria Apostolica e ferma restando la Agendi ratio in doctrinarum examine<\/em>&#8220;.<\/li>\n<\/ul>\n<p>&nbsp;<\/p>\n<ul>\n<li><a href=\"https:\/\/www.vatican.va\/roman_curia\/congregations\/cfaith\/ddf\/rc_ddf_doc_20220605_vademecum-casi-abuso-2.0_it.html\" target=\"_blank\" rel=\"noopener noreferrer\"><strong>Vademecum su alcuni punti di procedura nel trattamento dei casi di abuso sessuale di minori commessi da chierici (Ver. 2.0)<\/strong><\/a>, <strong>5 giugno 2022<\/strong><br \/>\n&#8220;<em>Per rispondere alle numerose domande sui passi da seguire nelle cause penali di propria competenza, il Dicastero per la Dottrina della Fede ha predisposto questo Vademecum destinato, in primo luogo, agli Ordinari e agli Operatori del diritto che si trovano nella necessit\u00e0 di dover tradurre in azioni concrete la normativa canonica circa i casi di abuso sessuale di minori compiuti da chierici. Si tratta di una sorta di \u201cmanuale\u201d, che dalla notitia criminis alla definitiva conclusione della causa intende prendere per mano e condurre passo passo chiunque si trovi nella necessit\u00e0 di procedere all\u2019accertamento della verit\u00e0 nell\u2019ambito dei delitti sopra menzionati<\/em>&#8220;.<\/li>\n<\/ul>\n<p>&nbsp;<\/p>\n<ul>\n<li><strong>Lettera Apostolica in forma di \u201cMotu Proprio\u201d del Sommo Pontefice Francesco <a href=\"https:\/\/www.vatican.va\/content\/francesco\/it\/motu_proprio\/documents\/20230325-motu-proprio-vos-estis-lux-mundi-aggiornato.html\" target=\"_blank\" rel=\"noopener noreferrer\">Vos estis lux mundi (aggiornamento)<\/a>, Papa Francesco, 25\u00a0marzo 2023<\/strong><br \/>\nDopo quasi quattro anni di sperimentazione, \u00e8 pubblicata una versione aggiornata delle norme per prevenire e contrastare gli abusi sessuali contro i minori e gli adulti vulnerabili. La novit\u00e0 pi\u00f9 significativa \u00e8 l\u2019estensione delle norme riguardanti la responsabilit\u00e0 dei vescovi e i superiori religiosi anche ai laici moderatori di associazioni internazionali di fedeli riconosciute dalla Santa Sede. Il nuovo testo \u00e8 stato armonizzato con le altre riforme normative introdotte dal 2019 ad oggi.<\/li>\n<\/ul>\n<p>&nbsp;<\/p>\n<ul>\n<li><strong><a href=\"https:\/\/tutelaminori.chiesacattolica.it\/linee-guida-un-aggiornamento-normativo\/\">Linee Guida aggiornate.<\/a> CEI, novembre 2023<\/strong><br \/>\nA seguito di recenti interventi normativi, facendo riferimento in particolare all\u2019ultima versione delle <em>Normae de delictis Congregationi pro Doctrina Fidei reservatis<\/em> (11 ottobre 2021) e di <em>Vos estis lux mundi<\/em> (25 marzo 2023), si \u00e8 ritenuto opportuno aggiornare le Linee Guida del 2019. Ne rimane inalterato l&#8217;impianto generale, di cui persiste la sostanziale validit\u00e0, ma sono state adeguate alle intercorse revisioni.<\/li>\n<\/ul>\n<p style=\"text-align: center\">\n<strong>Tutti i documenti relativi alla risposte della Chiesa universale per quanto concerne la tutela dei minori sono disponibili a <a href=\"https:\/\/www.vatican.va\/resources\/index_it.htm\" target=\"_blank\" rel=\"noopener noreferrer\">QUESTO LINK<\/a><\/strong><\/p>\n","protected":false},"excerpt":{"rendered":"<p>Pubblichiamo una selezione di documenti che riguardano gli abusi sui minori e la risposta della Chiesa &nbsp; Lettera Apostolica in forma di \u201cMotu Proprio\u201d Sacramentorum Sanctitatis Tutela, Papa Giovanni Paolo II,\u00a030 aprile 2001 Con questo Motu Proprio, Papa Giovanni Paolo II promulg\u00f2 le norme circa i delitti pi\u00f9 gravi riservati alla Congregazione per la dottrina della fede. L\u2019abuso su minori commesso da un diacono, prete &hellip; <a href=\"https:\/\/www.chiesadioristano.it\/tutelaminori\/documenti\/\" class=\"more-link\">Continue reading <span class=\"screen-reader-text\">Documenti<\/span> <span class=\"meta-nav\">&raquo;<\/span><\/a><\/p>\n","protected":false},"author":3,"featured_media":0,"parent":0,"menu_order":0,"comment_status":"closed","ping_status":"closed","template":"","meta":[],"acf":[],"_links":{"self":[{"href":"https:\/\/www.chiesadioristano.it\/tutelaminori\/wp-json\/wp\/v2\/pages\/453"}],"collection":[{"href":"https:\/\/www.chiesadioristano.it\/tutelaminori\/wp-json\/wp\/v2\/pages"}],"about":[{"href":"https:\/\/www.chiesadioristano.it\/tutelaminori\/wp-json\/wp\/v2\/types\/page"}],"author":[{"embeddable":true,"href":"https:\/\/www.chiesadioristano.it\/tutelaminori\/wp-json\/wp\/v2\/users\/3"}],"replies":[{"embeddable":true,"href":"https:\/\/www.chiesadioristano.it\/tutelaminori\/wp-json\/wp\/v2\/comments?post=453"}],"version-history":[{"count":3,"href":"https:\/\/www.chiesadioristano.it\/tutelaminori\/wp-json\/wp\/v2\/pages\/453\/revisions"}],"predecessor-version":[{"id":463,"href":"https:\/\/www.chiesadioristano.it\/tutelaminori\/wp-json\/wp\/v2\/pages\/453\/revisions\/463"}],"wp:attachment":[{"href":"https:\/\/www.chiesadioristano.it\/tutelaminori\/wp-json\/wp\/v2\/media?parent=453"}],"curies":[{"name":"wp","href":"https:\/\/api.w.org\/{rel}","templated":true}]}}